{"id":17,"date":"2019-02-10T00:01:35","date_gmt":"2019-02-09T23:01:35","guid":{"rendered":"https:\/\/ledeleguelaique.fr\/?page_id=17"},"modified":"2025-05-29T01:22:10","modified_gmt":"2025-05-28T23:22:10","slug":"accueil","status":"publish","type":"page","link":"https:\/\/ledeleguelaique.fr\/","title":{"rendered":"Accueil"},"content":{"rendered":"<h2>Editorial du D\u00e9l\u00e9gu\u00e9 la\u00efque n\u00b016<\/h2>\n<h1>Les choses et les choix sont de plus en plus clairs<\/h1>\n<p>Le <em><strong>D\u00e9l\u00e9gu\u00e9 la\u00efque<\/strong><\/em> a d\u00e9cid\u00e9 de laisser un peu de temps afin que les choses s\u2019\u00e9claircissent au mieux pour que les <strong>DDEN<\/strong> puissent voir les \u00e9v\u00e9nements se d\u00e9canter pleinement, et qu\u2019ils puissent se faire un jugement sur plusieurs points. Comme le disait <strong>Pierre Desproges<\/strong>, \u00ab\u00a0<em>il vaut mieux se taire parfois au risque de passer pour un imb\u00e9cile, plut\u00f4t que de parler et ne laisser aucun doute sur le sujet.<\/em> \u00bb Nous d\u00e9dions cet aphorisme \u00e0 toutes celles et \u00e0 tous ceux qui ne se reconna\u00eetront pas dans le propos de l\u2019humoriste et qui, par contre, vouent aux g\u00e9monies notre publication par ce qu\u2019elle est une emp\u00eacheuse de bureaucratiser et de se renier tranquillement.<\/p>\n<p>Nous allons aborder ces diff\u00e9rents points qui s\u2019\u00e9clairent d\u2019un jour toujours nouveau dans cet <em><strong>\u00c9ditorial<\/strong><\/em>. Le <em><strong>D\u00e9l\u00e9gu\u00e9 la\u00efque<\/strong><\/em> va donc reprendre sa parution r\u00e9guli\u00e8re pour \u00e9clairer les <strong>La\u00efques<\/strong>, les <strong>DDEN<\/strong> et le <strong>Mouvement la\u00efque<\/strong> dans son ensemble.<\/p>\n<p>\u25cf Par \u00ab\u00a0<em><strong>Mouvement la\u00efque<\/strong><\/em>\u00a0\u00bb, nous entendons bien s\u00fbr toutes les associations, organisations, syndicats, enseignants notamment, qui sont rest\u00e9s fid\u00e8les au <em><strong>Serment de Vincennes<\/strong><\/em> qui d\u00e9clarait :<\/p>\n<p>\u00ab<em> Nous faisons le serment solennel<\/em><\/p>\n<ul>\n<li><em>De manifester en toutes circonstances et en tous lieux notre irr\u00e9ductible opposition \u00e0 cette loi contraire \u00e0 l\u2019\u00e9volution historique de la Nation ;<\/em><\/li>\n<li><em>De lutter sans tr\u00eave et sans d\u00e9faillance jusqu\u2019\u00e0 son abrogation ;<\/em><\/li>\n<li><em>Et d\u2019obtenir que l\u2019effort scolaire de la <strong>R\u00e9publique<\/strong> soit uniquement r\u00e9serv\u00e9 \u00e0 l\u2019<strong>\u00c9cole de la Nation<\/strong>, espoir de notre jeunesse<\/em>. \u00bb<\/li>\n<\/ul>\n<h2>Un reniement confirm\u00e9<\/h2>\n<p>\u25cf Alors que la majorit\u00e9 des <strong>Associations la\u00efques<\/strong>, qui ont rejoint le <strong>Collectif pour l\u2019\u00c9cole publique la\u00efque<\/strong>\u00a0\u00e0 l\u2019initiative de la <strong>FSU<\/strong>, sont claires\u00a0: \u00ab\u00a0<em>leurs actions visent \u00e0 l\u2019abrogation pure et simple de la <strong>loi Debr\u00e9<\/strong> par l\u2019\u00e9laboration d\u2019un <strong>Plan de sortie du financement public de l\u2019enseignement priv\u00e9<\/strong>\u00a0<\/em>\u00bb, la direction actuelle de la <strong>FNDDEN<\/strong> nous chante une autre chanson\u00a0: celle <strong>d\u2019une bonne application de la loi Debr\u00e9,<\/strong> ce qui est une trahison \u00e9hont\u00e9e du <strong>Serment de Vincennes<\/strong>.<\/p>\n<p>Rappelons que ce <strong>Plan de sortie<\/strong> commence \u00e0 \u00eatre \u00e9labor\u00e9 s\u00e9rieusement dans ce cadre unitaire, notamment parce que <strong>la Libre Pens\u00e9e<\/strong> en fait une proposition de r\u00e9daction avec <strong>3 Propositions de loi<\/strong> pour sa mise en \u0153uvre\u00a0: <a href=\"https:\/\/www.fnlp.fr\/2024\/05\/pour-en-finir-avec-le-financement-public-de-lenseignement-prive\/\" target=\"_blank\" rel=\"noopener\">https:\/\/www.fnlp.fr\/2024\/05\/pour-en-finir-avec-le-financement-public-de-lenseignement-prive\/<\/a><\/p>\n<h2>Abrogation de la loi Debr\u00e9 ou bonne application de la loi Debr\u00e9, il faut choisir !<\/h2>\n<p>Oui aujourd\u2019hui, tel est le choix qui se pose \u00e0 tout le monde. On ne fera croire \u00e0 personne qu\u2019<strong>une bonne application<\/strong> d\u2019une loi profond\u00e9ment antila\u00efque, m\u00e8re de toutes les autres lois antila\u00efques permettrait en quoi que ce soit d\u2019aller vers <strong>l\u2019abrogation de la loi Debr\u00e9<\/strong>. R\u00e9clamer une bonne application de la<strong> loi Debr\u00e9<\/strong>, c\u2019est la conforter comme l\u00e9gitime et non contester son ill\u00e9gitimit\u00e9 antila\u00efque.<\/p>\n<p>Ce choix\u00a0: <em><strong>Abrogation\/Bonne application<\/strong><\/em>, c\u2019est la r\u00e9surgence d\u2019un vieux clivage sous une autre forme\u00a0: <strong>La\u00efcit\u00e9 institutionnelle<\/strong> ou <strong>La\u00efcit\u00e9 ouverte<\/strong>. Ce sont les m\u00eames protagonistes qui agissent pour nous vendre une marchandise avari\u00e9e et antila\u00efque.<\/p>\n<p>Ou il y a respect du <strong>principe de S\u00e9paration des \u00c9glises et de l\u2019\u00c9tat<\/strong> par le refus de tout financement public de l\u2019enseignement catholique et priv\u00e9 et pour en finir rapidement avec ce financement antila\u00efque\u00a0; ou en demandant une \u00ab\u00a0<em><strong>bonne application de la loi Debr\u00e9\u00a0<\/strong><\/em>\u00bb on revendique et on soutient de fait cette violation du <strong>Principe de S\u00e9paration<\/strong>.<\/p>\n<p>Si on est partisan de la \u00ab<em>\u00a0la\u00efcit\u00e9 ouverte, plurielle, etc.<\/em>\u00a0\u00bb, c\u2019est que l\u2019on consid\u00e8re que les religions font parties int\u00e9grantes de la <strong>Sph\u00e8re publique<\/strong> et des <strong>Institutions de la R\u00e9publique<\/strong>, et qu\u2019elles ne sont plus une affaire priv\u00e9e qui ne concerne que les citoyens dans leur libert\u00e9 de conscience.<\/p>\n<p>C\u2019est pourquoi \u00ab\u00a0<em>bonne application de la loi Debr\u00e9<\/em>\u00a0\u00bb et \u00ab\u00a0<em>la\u00efcit\u00e9 ouverte<\/em>\u00a0\u00bb sont le m\u00eame reniement du combat la\u00efque authentique, car c\u2019est l\u00e9gitimer l\u2019enseignement priv\u00e9 catholique comme faisant partie int\u00e9grante du <strong>Service public d\u2019enseignement<\/strong>.<\/p>\n<p>Ce reniement de l\u2019actuelle direction de la <strong>FNDDEN<\/strong> l\u2019am\u00e8ne \u00e0 commettre des actes stup\u00e9fiants, comme refuser de signer la <em><strong>D\u00e9claration commune des Association la\u00efques<\/strong><\/em> regroup\u00e9es au sein du <strong>Collectif pour l\u2019\u00c9cole publique la\u00efque<\/strong>\u00a0\u00e0 l\u2019initiative de la <strong>FSU<\/strong>, qui d\u00e9nonce ce qui s\u2019est pass\u00e9 \u00e0 <strong>Betharram<\/strong>\u00a0: \u00ab<em>\u00a0Seule <strong>l\u2019\u00c9cole publique la\u00efque<\/strong> r\u00e9alise partout, pour toute la jeunesse, les ambitions intellectuelles, civiques et sociales que le pays lui assigne avec un contr\u00f4le institutionnel fort et l\u00e9gitime. Le financement collectif du s\u00e9paratisme moral, social et scolaire n\u2019est pas acceptable.<strong> L\u2019argent public doit aller \u00e0 la seule \u00c9cole publique<\/strong>. La jeunesse, le pays en ont besoin.\u00a0<\/em>\u00bb<\/p>\n<p>Comment une <strong>Association<\/strong> qui se r\u00e9clame de la <strong>la\u00efcit\u00e9<\/strong> pourrait ne pas signer une telle <em><strong>D\u00e9claration<\/strong><\/em>\u00a0? Ce reniement est tout simplement scandaleux et en dit bien long sur ce reniement de l\u2019actuelle Direction de la <strong>FNDDEN<\/strong>.<\/p>\n<p>\u25cf Ces errements n\u2019ont aucune limite, on a vu la pol\u00e9mique imb\u00e9cile et sectaire d\u2019<strong>Eddy Khaldi<\/strong> contre la <strong>Secr\u00e9taire g\u00e9n\u00e9ral du SE-UNSA<\/strong>, tordant \u00e0 l\u2019envie un propos, peut-\u00eatre mal ajust\u00e9. Cette pol\u00e9mique, mont\u00e9e de toute pi\u00e8ce, fait que le<strong> CNAL<\/strong> ne peut plus se r\u00e9unir et faire la moindre action, car il faut l\u2019unanimit\u00e9 des 5 ex-organisations constitutives\u00a0: <strong>UNSA<\/strong> (FEN), <strong>SE-UNSA<\/strong> (SNI), <strong>Ligue de l\u2019Enseignement<\/strong>, <strong>FCPE<\/strong> et <strong>FNDDEN<\/strong>.<\/p>\n<p>Toutes ces associations sont en d\u00e9saccord profond et ne peuvent plus rien faire ensemble. Quel beau r\u00e9sultat ! Vraiment les amis qui restent aujourd\u2019hui du <strong>CNAL<\/strong> (ce que nous ne sommes pas) doivent \u00eatre constern\u00e9s d\u2019une telle attitude de la Direction actuelle de la <strong>FNDDEN<\/strong>, car elle est collectivement responsable de ces agissements. Le <strong>CNAL<\/strong> est quasiment au fond du gouffre et la <strong>FNDDEN<\/strong> va l\u2019y rejoindre prochainement. Oui, vraiment, quel beau r\u00e9sultat\u00a0!<\/p>\n<p>\u25cf <em>Nous publions dans le <strong>D\u00e9l\u00e9gu\u00e9 la\u00efque n\u00b0 16<\/strong> les informations qui montrent que la bureaucratisation de la <strong>FNDDEN<\/strong> s&rsquo;amplifie pour \u00e9touffer la voix d&rsquo;opposants \u00e9ventuels<\/em>. Ce qui peut sauver <strong>les DDEN<\/strong>, c&rsquo;est la souverainet\u00e9 de ses <strong>Unions d\u00e9partementales<\/strong>, ce que la <strong>Direction de la FNDDEN<\/strong> voudrait bien interdire. Nous rappelons aussi pour m\u00e9moire l\u2019intervention d\u2019<strong>Eddy Khaldi<\/strong> aupr\u00e8s des autorit\u00e9s acad\u00e9miques du 93 pour faire radier les <strong>DDEN<\/strong> de Sevran qui ne lui plaisaient pas.<br \/>\nC\u2019est parce que des <strong>DDEN<\/strong>, n\u2019en d\u00e9plaise, ont refus\u00e9 cette voie destructrice et se sont adress\u00e9s \u00e0 la F\u00e9d\u00e9ration nationale de la Libre Pens\u00e9e pour emp\u00eacher ce naufrage programm\u00e9 et que celle-ci a refus\u00e9 aussi de ne pas assister une \u00ab\u00a0<em>association la\u00efque en danger<\/em>\u00a0\u00bb. Un lecteur sourcilleux pourrait croire qu&rsquo;il s&rsquo;agit d&rsquo;un r\u00e8glement de comptes personnel. C&rsquo;est ce que voudrait distiller tel haut responsable. La question n&rsquo;est pas l\u00e0. La question est : la <strong>F\u00e9d\u00e9ration nationale des DDEN<\/strong> est-elle \u00e0 la hauteur de son pass\u00e9 et des enjeux pr\u00e9sents ? La r\u00e9ponse est \u00e0 l\u2019\u00e9vidence\u00a0: <strong>NON<\/strong>.<br \/>\nAlors en r\u00e9torsion la <strong>FNDDEN<\/strong> a assign\u00e9 au <strong>Tribunal<\/strong> deux responsables nationaux de la <strong>Libre Pens\u00e9e<\/strong>. Chacun pourra juger de la r\u00e9alit\u00e9 de ce qu\u2019elle a obtenu au proc\u00e8s, il y a vraiment loin de la coupe aux l\u00e8vres, m\u00eame son avocat a bien du mal \u00e0 l\u2019expliquer clairement dans le dernier num\u00e9ro du \u00ab\u00a0<em><strong>D\u00e9l\u00e9gu\u00e9 DDEN<\/strong><\/em>\u00a0\u00bb.<\/p>\n<p>Comment ne pas partager le constat que fait<strong> la Libre Pens\u00e9e<\/strong> (voir son communiqu\u00e9 qui analyse le jugement en d\u00e9tail)\u00a0: \u00ab\u00a0<em><strong>C\u2019est la revanche posthume de L\u00e9on Trotsky et de toutes les victimes du stalinisme\u00a0!<\/strong><\/em><br \/>\n<em><strong>Alors pour cela, oui vraiment, merci Eddy Khaldi\u00a0pour votre contribution judiciaire importante \u00e0 l&rsquo;anti-stalinisme ! C\u2019est pourquoi, devant un tel r\u00e9sultat, la Libre Pens\u00e9e ne fera pas appel de ce jugement.<\/strong><\/em><br \/>\n<em><strong>Il est des condamnations qui sont des d\u00e9corations\u00a0!\u00a0<\/strong><\/em>\u00bb<\/p>\n<p>Alors, chers <strong>DDEN<\/strong>, \u00e0 bient\u00f4t pour de nouvelles aventures la\u00efques\u00a0!<\/p>\n<p><strong>Paul Feldman<\/strong><\/p>\n<p>&nbsp;<\/p>\n<h3><a href=\"https:\/\/ledeleguelaique.fr\/?cat=23\" target=\"_blank\" rel=\"noopener\">Le D\u00e9l\u00e9gu\u00e9 la\u00efque n\u00b016 en ligne<\/a><\/h3>\n<h3><a href=\"https:\/\/ledeleguelaique.fr\/wp-content\/uploads\/2025\/05\/20250628_DL_16_neo.pdf\" target=\"_blank\" rel=\"noopener\">Le D\u00e9l\u00e9gu\u00e9 la\u00efque format PDF<\/a><\/h3>\n<p>&nbsp;<\/p>\n","protected":false},"excerpt":{"rendered":"<p>Editorial du D\u00e9l\u00e9gu\u00e9 la\u00efque n\u00b016 Les choses et les choix sont de plus en plus clairs Le D\u00e9l\u00e9gu\u00e9 la\u00efque a d\u00e9cid\u00e9 de laisser un peu de temps afin que les choses s\u2019\u00e9claircissent au mieux pour que les DDEN puissent voir les \u00e9v\u00e9nements se d\u00e9canter pleinement, et qu\u2019ils puissent se faire un jugement sur plusieurs points. &hellip; <a href=\"https:\/\/ledeleguelaique.fr\/\" class=\"more-link\">Continuer la lecture<span class=\"screen-reader-text\"> de &laquo;&nbsp;Accueil&nbsp;&raquo;<\/span><\/a><\/p>\n","protected":false},"author":1,"featured_media":48,"parent":0,"menu_order":0,"comment_status":"closed","ping_status":"closed","template":"","meta":{"footnotes":""},"_links":{"self":[{"href":"https:\/\/ledeleguelaique.fr\/index.php?rest_route=\/wp\/v2\/pages\/17"}],"collection":[{"href":"https:\/\/ledeleguelaique.fr\/index.php?rest_route=\/wp\/v2\/pages"}],"about":[{"href":"https:\/\/ledeleguelaique.fr\/index.php?rest_route=\/wp\/v2\/types\/page"}],"author":[{"embeddable":true,"href":"https:\/\/ledeleguelaique.fr\/index.php?rest_route=\/wp\/v2\/users\/1"}],"replies":[{"embeddable":true,"href":"https:\/\/ledeleguelaique.fr\/index.php?rest_route=%2Fwp%2Fv2%2Fcomments&post=17"}],"version-history":[{"count":40,"href":"https:\/\/ledeleguelaique.fr\/index.php?rest_route=\/wp\/v2\/pages\/17\/revisions"}],"predecessor-version":[{"id":961,"href":"https:\/\/ledeleguelaique.fr\/index.php?rest_route=\/wp\/v2\/pages\/17\/revisions\/961"}],"wp:featuredmedia":[{"embeddable":true,"href":"https:\/\/ledeleguelaique.fr\/index.php?rest_route=\/wp\/v2\/media\/48"}],"wp:attachment":[{"href":"https:\/\/ledeleguelaique.fr\/index.php?rest_route=%2Fwp%2Fv2%2Fmedia&parent=17"}],"curies":[{"name":"wp","href":"https:\/\/api.w.org\/{rel}","templated":true}]}}